{"id":401,"date":"2024-01-17T13:48:30","date_gmt":"2024-01-17T12:48:30","guid":{"rendered":"https:\/\/rifugiotorino.com\/la-storia\/"},"modified":"2024-02-05T15:18:22","modified_gmt":"2024-02-05T14:18:22","slug":"histoire","status":"publish","type":"page","link":"https:\/\/www.rifugiotorino.com\/fr\/histoire\/","title":{"rendered":"Histoire"},"content":{"rendered":"<p>Le Rifugio Torino a \u00e9t\u00e9 construit au d\u00e9but des ann\u00e9es 1950 gr\u00e2ce aux sections CAI de Turin et d'Aoste, ainsi qu'\u00e0 une contribution financi\u00e8re de la R\u00e9gion Vall\u00e9e d'Aoste.<br \/>\nDepuis lors, le Rifugio Torino n'a pas fait l'objet de travaux importants, jusqu'\u00e0 l'\u00e9t\u00e9 2015.<br \/>\nDepuis 2011, le refuge est d'une importance fondamentale pour la r\u00e9alisation de la d\u00e9sormais c\u00e9l\u00e8bre Voie du Mont-Blanc.<br \/>\nLes ouvriers de la Cord\u00e9e sont rest\u00e9s ici pendant quatre longues ann\u00e9es, et gr\u00e2ce \u00e0 leur engagement, ils ont r\u00e9alis\u00e9 un travail titanesque en un temps record.<br \/>\nLes travaux ont \u00e9t\u00e9 r\u00e9alis\u00e9s dans des conditions tr\u00e8s difficiles : le froid, le vent, la neige, l'air rar\u00e9fi\u00e9 et des horaires ext\u00e9nuants ont rendu la vie difficile \u00e0 tous les intervenants.<br \/>\nPendant cette p\u00e9riode, le personnel du Rifugio Torino a \u00e9galement \u00e9t\u00e9 tr\u00e8s occup\u00e9 \u00e0 suivre le rythme des travailleurs, en essayant de contribuer autant que possible \u00e0 rendre leur s\u00e9jour en altitude le plus facile possible.<br \/>\nLe directeur Armando et tout le personnel se souviennent avec fiert\u00e9 de cette p\u00e9riode difficile : toutes les occasions sont bonnes pour raconter des anecdotes !<br \/>\nLe Skyway a \u00e9t\u00e9 inaugur\u00e9 en pr\u00e9sence du Premier ministre \u00e0 l'\u00e9t\u00e9 2015.<br \/>\nParall\u00e8lement, les travaux de modernisation du Rifugio Torino ont commenc\u00e9, gr\u00e2ce aux efforts des sections CAI de Turin et d'Aoste.<br \/>\nL'implication directe du g\u00e9rant Armando Chanoine et de sa famille, qui ont personnellement supervis\u00e9 les travaux et contribu\u00e9 \u00e0 la construction rustique du piano-bar, de la r\u00e9ception et du restaurant, a \u00e9t\u00e9 fondamentale.<br \/>\nLes travaux ont \u00e9t\u00e9 r\u00e9alis\u00e9s par Cord\u00e9e, le m\u00eame consortium d'entreprises qui a construit le Skyway.<br \/>\npar la client\u00e8le internationale qui le fr\u00e9quente.<\/p>\n","protected":false},"excerpt":{"rendered":"<p>Le Rifugio Torino a \u00e9t\u00e9 construit au d\u00e9but des ann\u00e9es 1950 gr\u00e2ce aux sections CAI de Turin et d'Aoste, ainsi qu'\u00e0 une contribution financi\u00e8re de la R\u00e9gion Vall\u00e9e d'Aoste. Depuis lors, le Rifugio Torino n'a pas fait l'objet de travaux importants, jusqu'\u00e0 l'\u00e9t\u00e9 2015. Depuis 2011, le refuge est d'une importance fondamentale pour la r\u00e9alisation [&hellip;]<\/p>\n","protected":false},"author":1,"featured_media":0,"parent":0,"menu_order":10,"comment_status":"closed","ping_status":"closed","template":"","meta":{"_acf_changed":false,"footnotes":""},"class_list":["post-401","page","type-page","status-publish","hentry"],"acf":[],"_links":{"self":[{"href":"https:\/\/www.rifugiotorino.com\/fr\/wp-json\/wp\/v2\/pages\/401","targetHints":{"allow":["GET"]}}],"collection":[{"href":"https:\/\/www.rifugiotorino.com\/fr\/wp-json\/wp\/v2\/pages"}],"about":[{"href":"https:\/\/www.rifugiotorino.com\/fr\/wp-json\/wp\/v2\/types\/page"}],"author":[{"embeddable":true,"href":"https:\/\/www.rifugiotorino.com\/fr\/wp-json\/wp\/v2\/users\/1"}],"replies":[{"embeddable":true,"href":"https:\/\/www.rifugiotorino.com\/fr\/wp-json\/wp\/v2\/comments?post=401"}],"version-history":[{"count":2,"href":"https:\/\/www.rifugiotorino.com\/fr\/wp-json\/wp\/v2\/pages\/401\/revisions"}],"predecessor-version":[{"id":1154,"href":"https:\/\/www.rifugiotorino.com\/fr\/wp-json\/wp\/v2\/pages\/401\/revisions\/1154"}],"wp:attachment":[{"href":"https:\/\/www.rifugiotorino.com\/fr\/wp-json\/wp\/v2\/media?parent=401"}],"curies":[{"name":"wp","href":"https:\/\/api.w.org\/{rel}","templated":true}]}}